{"id":61,"date":"2021-11-17T19:33:01","date_gmt":"2021-11-17T19:33:01","guid":{"rendered":"https:\/\/asociacionismodelaemigracionespanola.com\/?page_id=61"},"modified":"2023-11-22T18:10:21","modified_gmt":"2023-11-22T18:10:21","slug":"asociacionismo-de-la-emigracion-espanola","status":"publish","type":"page","link":"https:\/\/asociacionismodelaemigracionespanola.com\/","title":{"rendered":"Asociacionismo de la emigraci\u00f3n Espa\u00f1ola"},"content":{"rendered":"\t\t<div data-elementor-type=\"wp-page\" data-elementor-id=\"61\" class=\"elementor elementor-61\" data-elementor-post-type=\"page\">\n\t\t\t\t\t\t<section class=\"elementor-section elementor-top-section elementor-element elementor-element-bc2912e elementor-section-full_width elementor-section-height-default elementor-section-height-default\" data-id=\"bc2912e\" data-element_type=\"section\">\n\t\t\t\t\t\t<div class=\"elementor-container elementor-column-gap-default\">\n\t\t\t\t\t<div class=\"elementor-column elementor-col-100 elementor-top-column elementor-element elementor-element-52c4f4d\" data-id=\"52c4f4d\" data-element_type=\"column\">\n\t\t\t<div class=\"elementor-widget-wrap elementor-element-populated\">\n\t\t\t\t\t\t\t<\/div>\n\t\t<\/div>\n\t\t\t\t\t<\/div>\n\t\t<\/section>\n\t\t\t\t<section class=\"elementor-section elementor-top-section elementor-element elementor-element-156ff07 elementor-section-boxed elementor-section-height-default elementor-section-height-default\" data-id=\"156ff07\" data-element_type=\"section\">\n\t\t\t\t\t\t<div class=\"elementor-container elementor-column-gap-default\">\n\t\t\t\t\t<div class=\"elementor-column elementor-col-100 elementor-top-column elementor-element elementor-element-16f506d\" data-id=\"16f506d\" data-element_type=\"column\">\n\t\t\t<div class=\"elementor-widget-wrap elementor-element-populated\">\n\t\t\t\t\t\t<div class=\"elementor-element elementor-element-a840975 elementor-widget-divider--view-line elementor-widget elementor-widget-divider\" data-id=\"a840975\" data-element_type=\"widget\" data-widget_type=\"divider.default\">\n\t\t\t\t<div class=\"elementor-widget-container\">\n\t\t\t<style>\/*! elementor - v3.22.0 - 26-06-2024 *\/\n.elementor-widget-divider{--divider-border-style:none;--divider-border-width:1px;--divider-color:#0c0d0e;--divider-icon-size:20px;--divider-element-spacing:10px;--divider-pattern-height:24px;--divider-pattern-size:20px;--divider-pattern-url:none;--divider-pattern-repeat:repeat-x}.elementor-widget-divider .elementor-divider{display:flex}.elementor-widget-divider .elementor-divider__text{font-size:15px;line-height:1;max-width:95%}.elementor-widget-divider .elementor-divider__element{margin:0 var(--divider-element-spacing);flex-shrink:0}.elementor-widget-divider .elementor-icon{font-size:var(--divider-icon-size)}.elementor-widget-divider .elementor-divider-separator{display:flex;margin:0;direction:ltr}.elementor-widget-divider--view-line_icon .elementor-divider-separator,.elementor-widget-divider--view-line_text .elementor-divider-separator{align-items:center}.elementor-widget-divider--view-line_icon .elementor-divider-separator:after,.elementor-widget-divider--view-line_icon .elementor-divider-separator:before,.elementor-widget-divider--view-line_text .elementor-divider-separator:after,.elementor-widget-divider--view-line_text .elementor-divider-separator:before{display:block;content:\"\";border-block-end:0;flex-grow:1;border-block-start:var(--divider-border-width) var(--divider-border-style) var(--divider-color)}.elementor-widget-divider--element-align-left .elementor-divider .elementor-divider-separator>.elementor-divider__svg:first-of-type{flex-grow:0;flex-shrink:100}.elementor-widget-divider--element-align-left .elementor-divider-separator:before{content:none}.elementor-widget-divider--element-align-left .elementor-divider__element{margin-left:0}.elementor-widget-divider--element-align-right .elementor-divider .elementor-divider-separator>.elementor-divider__svg:last-of-type{flex-grow:0;flex-shrink:100}.elementor-widget-divider--element-align-right .elementor-divider-separator:after{content:none}.elementor-widget-divider--element-align-right .elementor-divider__element{margin-right:0}.elementor-widget-divider--element-align-start .elementor-divider .elementor-divider-separator>.elementor-divider__svg:first-of-type{flex-grow:0;flex-shrink:100}.elementor-widget-divider--element-align-start .elementor-divider-separator:before{content:none}.elementor-widget-divider--element-align-start .elementor-divider__element{margin-inline-start:0}.elementor-widget-divider--element-align-end .elementor-divider .elementor-divider-separator>.elementor-divider__svg:last-of-type{flex-grow:0;flex-shrink:100}.elementor-widget-divider--element-align-end .elementor-divider-separator:after{content:none}.elementor-widget-divider--element-align-end .elementor-divider__element{margin-inline-end:0}.elementor-widget-divider:not(.elementor-widget-divider--view-line_text):not(.elementor-widget-divider--view-line_icon) .elementor-divider-separator{border-block-start:var(--divider-border-width) var(--divider-border-style) var(--divider-color)}.elementor-widget-divider--separator-type-pattern{--divider-border-style:none}.elementor-widget-divider--separator-type-pattern.elementor-widget-divider--view-line .elementor-divider-separator,.elementor-widget-divider--separator-type-pattern:not(.elementor-widget-divider--view-line) .elementor-divider-separator:after,.elementor-widget-divider--separator-type-pattern:not(.elementor-widget-divider--view-line) .elementor-divider-separator:before,.elementor-widget-divider--separator-type-pattern:not([class*=elementor-widget-divider--view]) .elementor-divider-separator{width:100%;min-height:var(--divider-pattern-height);-webkit-mask-size:var(--divider-pattern-size) 100%;mask-size:var(--divider-pattern-size) 100%;-webkit-mask-repeat:var(--divider-pattern-repeat);mask-repeat:var(--divider-pattern-repeat);background-color:var(--divider-color);-webkit-mask-image:var(--divider-pattern-url);mask-image:var(--divider-pattern-url)}.elementor-widget-divider--no-spacing{--divider-pattern-size:auto}.elementor-widget-divider--bg-round{--divider-pattern-repeat:round}.rtl .elementor-widget-divider .elementor-divider__text{direction:rtl}.e-con-inner>.elementor-widget-divider,.e-con>.elementor-widget-divider{width:var(--container-widget-width,100%);--flex-grow:var(--container-widget-flex-grow)}<\/style>\t\t<div class=\"elementor-divider\">\n\t\t\t<span class=\"elementor-divider-separator\">\n\t\t\t\t\t\t<\/span>\n\t\t<\/div>\n\t\t\t\t<\/div>\n\t\t\t\t<\/div>\n\t\t\t\t\t<\/div>\n\t\t<\/div>\n\t\t\t\t\t<\/div>\n\t\t<\/section>\n\t\t\t\t<section class=\"elementor-section elementor-top-section elementor-element elementor-element-eccca8e elementor-section-full_width elementor-section-stretched elementor-section-height-default elementor-section-height-default\" data-id=\"eccca8e\" data-element_type=\"section\" data-settings=\"{&quot;stretch_section&quot;:&quot;section-stretched&quot;}\">\n\t\t\t\t\t\t<div class=\"elementor-container elementor-column-gap-default\">\n\t\t\t\t\t<div class=\"elementor-column elementor-col-100 elementor-top-column elementor-element elementor-element-b2485f6\" data-id=\"b2485f6\" data-element_type=\"column\">\n\t\t\t<div class=\"elementor-widget-wrap elementor-element-populated\">\n\t\t\t\t\t\t<div class=\"elementor-element elementor-element-8d90cba elementor-widget elementor-widget-spacer\" data-id=\"8d90cba\" data-element_type=\"widget\" data-widget_type=\"spacer.default\">\n\t\t\t\t<div class=\"elementor-widget-container\">\n\t\t\t<style>\/*! elementor - v3.22.0 - 26-06-2024 *\/\n.elementor-column .elementor-spacer-inner{height:var(--spacer-size)}.e-con{--container-widget-width:100%}.e-con-inner>.elementor-widget-spacer,.e-con>.elementor-widget-spacer{width:var(--container-widget-width,var(--spacer-size));--align-self:var(--container-widget-align-self,initial);--flex-shrink:0}.e-con-inner>.elementor-widget-spacer>.elementor-widget-container,.e-con>.elementor-widget-spacer>.elementor-widget-container{height:100%;width:100%}.e-con-inner>.elementor-widget-spacer>.elementor-widget-container>.elementor-spacer,.e-con>.elementor-widget-spacer>.elementor-widget-container>.elementor-spacer{height:100%}.e-con-inner>.elementor-widget-spacer>.elementor-widget-container>.elementor-spacer>.elementor-spacer-inner,.e-con>.elementor-widget-spacer>.elementor-widget-container>.elementor-spacer>.elementor-spacer-inner{height:var(--container-widget-height,var(--spacer-size))}.e-con-inner>.elementor-widget-spacer.elementor-widget-empty,.e-con>.elementor-widget-spacer.elementor-widget-empty{position:relative;min-height:22px;min-width:22px}.e-con-inner>.elementor-widget-spacer.elementor-widget-empty .elementor-widget-empty-icon,.e-con>.elementor-widget-spacer.elementor-widget-empty .elementor-widget-empty-icon{position:absolute;top:0;bottom:0;left:0;right:0;margin:auto;padding:0;width:22px;height:22px}<\/style>\t\t<div class=\"elementor-spacer\">\n\t\t\t<div class=\"elementor-spacer-inner\"><\/div>\n\t\t<\/div>\n\t\t\t\t<\/div>\n\t\t\t\t<\/div>\n\t\t\t\t\t<\/div>\n\t\t<\/div>\n\t\t\t\t\t<\/div>\n\t\t<\/section>\n\t\t\t\t<section class=\"elementor-section elementor-top-section elementor-element elementor-element-e7833ab elementor-section-full_width elementor-section-stretched elementor-section-height-default elementor-section-height-default\" data-id=\"e7833ab\" data-element_type=\"section\" data-settings=\"{&quot;stretch_section&quot;:&quot;section-stretched&quot;}\">\n\t\t\t\t\t\t<div class=\"elementor-container elementor-column-gap-no\">\n\t\t\t\t\t<div class=\"elementor-column elementor-col-100 elementor-top-column elementor-element elementor-element-276a134\" data-id=\"276a134\" data-element_type=\"column\">\n\t\t\t<div class=\"elementor-widget-wrap elementor-element-populated\">\n\t\t\t\t\t\t<div class=\"elementor-element elementor-element-d2e1542 elementor-widget__width-inherit elementor--h-position-center elementor--v-position-middle elementor-arrows-position-inside elementor-pagination-position-inside elementor-widget elementor-widget-slides\" data-id=\"d2e1542\" data-element_type=\"widget\" data-settings=\"{&quot;navigation&quot;:&quot;both&quot;,&quot;autoplay&quot;:&quot;yes&quot;,&quot;autoplay_speed&quot;:5000,&quot;infinite&quot;:&quot;yes&quot;,&quot;transition&quot;:&quot;slide&quot;,&quot;transition_speed&quot;:500}\" data-widget_type=\"slides.default\">\n\t\t\t\t<div class=\"elementor-widget-container\">\n\t\t\t<style>\/*! elementor-pro - v3.14.0 - 26-06-2023 *\/\n.elementor-slides .swiper-slide-bg{background-size:cover;background-position:50%;background-repeat:no-repeat;min-width:100%;min-height:100%}.elementor-slides .swiper-slide-inner{background-repeat:no-repeat;background-position:50%;position:absolute;top:0;left:0;bottom:0;right:0;padding:50px;margin:auto}.elementor-slides .swiper-slide-inner,.elementor-slides .swiper-slide-inner:hover{color:#fff;display:flex}.elementor-slides .swiper-slide-inner .elementor-background-overlay{position:absolute;z-index:0;top:0;bottom:0;left:0;right:0}.elementor-slides .swiper-slide-inner .elementor-slide-content{position:relative;z-index:1;width:100%}.elementor-slides .swiper-slide-inner .elementor-slide-heading{font-size:35px;font-weight:700;line-height:1}.elementor-slides .swiper-slide-inner .elementor-slide-description{font-size:17px;line-height:1.4}.elementor-slides .swiper-slide-inner .elementor-slide-description:not(:last-child),.elementor-slides .swiper-slide-inner .elementor-slide-heading:not(:last-child){margin-bottom:30px}.elementor-slides .swiper-slide-inner .elementor-slide-button{border:2px solid #fff;color:#fff;background:transparent;display:inline-block}.elementor-slides .swiper-slide-inner .elementor-slide-button,.elementor-slides .swiper-slide-inner .elementor-slide-button:hover{background:transparent;color:inherit;text-decoration:none}.elementor--v-position-top .swiper-slide-inner{align-items:flex-start}.elementor--v-position-bottom .swiper-slide-inner{align-items:flex-end}.elementor--v-position-middle .swiper-slide-inner{align-items:center}.elementor--h-position-left .swiper-slide-inner{justify-content:flex-start}.elementor--h-position-right .swiper-slide-inner{justify-content:flex-end}.elementor--h-position-center .swiper-slide-inner{justify-content:center}body.rtl .elementor-widget-slides .elementor-swiper-button-next{left:10px;right:auto}body.rtl .elementor-widget-slides .elementor-swiper-button-prev{right:10px;left:auto}.elementor-slides-wrapper div:not(.swiper-slide)>.swiper-slide-inner{display:none}@media (max-width:767px){.elementor-slides .swiper-slide-inner{padding:30px}.elementor-slides .swiper-slide-inner .elementor-slide-heading{font-size:23px;line-height:1;margin-bottom:15px}.elementor-slides .swiper-slide-inner .elementor-slide-description{font-size:13px;line-height:1.4;margin-bottom:15px}}<\/style>\t\t<div class=\"elementor-swiper\">\n\t\t\t<div class=\"elementor-slides-wrapper elementor-main-swiper swiper\" dir=\"ltr\" data-animation=\"fadeInUp\">\n\t\t\t\t<div class=\"swiper-wrapper elementor-slides\">\n\t\t\t\t\t\t\t\t\t\t<div class=\"elementor-repeater-item-24b3dfd swiper-slide\"><div class=\"swiper-slide-bg\" role=\"img\"><\/div><a class=\"swiper-slide-inner\" href=\"https:\/\/asociacionismodelaemigracionespanola.com\/?page_id=924&#038;preview=true\"><div class=\"swiper-slide-contents\"><div class=\"elementor-slide-description\">.<\/div><\/div><\/a><\/div><div class=\"elementor-repeater-item-26bb446 swiper-slide\"><div class=\"swiper-slide-bg\" role=\"img\"><\/div><div class=\"swiper-slide-inner\" ><div class=\"swiper-slide-contents\"><\/div><\/div><\/div><div class=\"elementor-repeater-item-1105597 swiper-slide\"><div class=\"swiper-slide-bg\" role=\"img\"><\/div><div class=\"swiper-slide-inner\" ><div class=\"swiper-slide-contents\"><\/div><\/div><\/div><div class=\"elementor-repeater-item-aed279f swiper-slide\"><div class=\"swiper-slide-bg\" role=\"img\"><\/div><div class=\"swiper-slide-inner\" ><div class=\"swiper-slide-contents\"><\/div><\/div><\/div><div class=\"elementor-repeater-item-86b5fea swiper-slide\"><div class=\"swiper-slide-bg\" role=\"img\"><\/div><div class=\"swiper-slide-inner\" ><div class=\"swiper-slide-contents\"><\/div><\/div><\/div>\t\t\t\t<\/div>\n\t\t\t\t\t\t\t\t\t\t\t\t\t\t\t<div class=\"swiper-pagination\"><\/div>\n\t\t\t\t\t\t\t\t\t\t\t\t\t\t\t\t<div class=\"elementor-swiper-button elementor-swiper-button-prev\" role=\"button\" tabindex=\"0\">\n\t\t\t\t\t\t\t<i aria-hidden=\"true\" class=\"eicon-chevron-left\"><\/i>\t\t\t\t\t\t\t<span class=\"elementor-screen-only\">Previous slide<\/span>\n\t\t\t\t\t\t<\/div>\n\t\t\t\t\t\t<div class=\"elementor-swiper-button elementor-swiper-button-next\" role=\"button\" tabindex=\"0\">\n\t\t\t\t\t\t\t<i aria-hidden=\"true\" class=\"eicon-chevron-right\"><\/i>\t\t\t\t\t\t\t<span class=\"elementor-screen-only\">Next slide<\/span>\n\t\t\t\t\t\t<\/div>\n\t\t\t\t\t\t\t\t\t\t\t\t<\/div>\n\t\t<\/div>\n\t\t\t\t<\/div>\n\t\t\t\t<\/div>\n\t\t\t\t\t<\/div>\n\t\t<\/div>\n\t\t\t\t\t<\/div>\n\t\t<\/section>\n\t\t\t\t<section class=\"elementor-section elementor-top-section elementor-element elementor-element-c6e9210 elementor-section-boxed elementor-section-height-default elementor-section-height-default\" data-id=\"c6e9210\" data-element_type=\"section\">\n\t\t\t\t\t\t<div class=\"elementor-container elementor-column-gap-default\">\n\t\t\t\t\t<div class=\"elementor-column elementor-col-100 elementor-top-column elementor-element elementor-element-44a1e4a\" data-id=\"44a1e4a\" data-element_type=\"column\">\n\t\t\t<div class=\"elementor-widget-wrap elementor-element-populated\">\n\t\t\t\t\t\t<div class=\"elementor-element elementor-element-52bf523 elementor-widget elementor-widget-spacer\" data-id=\"52bf523\" data-element_type=\"widget\" data-widget_type=\"spacer.default\">\n\t\t\t\t<div class=\"elementor-widget-container\">\n\t\t\t\t\t<div class=\"elementor-spacer\">\n\t\t\t<div class=\"elementor-spacer-inner\"><\/div>\n\t\t<\/div>\n\t\t\t\t<\/div>\n\t\t\t\t<\/div>\n\t\t\t\t\t<\/div>\n\t\t<\/div>\n\t\t\t\t\t<\/div>\n\t\t<\/section>\n\t\t\t\t<section class=\"elementor-section elementor-top-section elementor-element elementor-element-3a17170 elementor-section-boxed elementor-section-height-default elementor-section-height-default\" data-id=\"3a17170\" data-element_type=\"section\">\n\t\t\t\t\t\t<div class=\"elementor-container elementor-column-gap-default\">\n\t\t\t\t\t<div class=\"elementor-column elementor-col-100 elementor-top-column elementor-element elementor-element-bc6e0c5\" data-id=\"bc6e0c5\" data-element_type=\"column\">\n\t\t\t<div class=\"elementor-widget-wrap elementor-element-populated\">\n\t\t\t\t\t\t<div class=\"elementor-element elementor-element-6610a0e elementor-grid-4 elementor-posts--align-left elementor-widget-mobile__width-inherit elementor-grid-tablet-2 elementor-grid-mobile-1 elementor-posts--thumbnail-top elementor-widget elementor-widget-posts\" data-id=\"6610a0e\" data-element_type=\"widget\" data-settings=\"{&quot;classic_columns&quot;:&quot;4&quot;,&quot;classic_row_gap_mobile&quot;:{&quot;unit&quot;:&quot;px&quot;,&quot;size&quot;:35,&quot;sizes&quot;:[]},&quot;classic_columns_tablet&quot;:&quot;2&quot;,&quot;classic_columns_mobile&quot;:&quot;1&quot;,&quot;classic_row_gap&quot;:{&quot;unit&quot;:&quot;px&quot;,&quot;size&quot;:35,&quot;sizes&quot;:[]},&quot;classic_row_gap_tablet&quot;:{&quot;unit&quot;:&quot;px&quot;,&quot;size&quot;:&quot;&quot;,&quot;sizes&quot;:[]}}\" data-widget_type=\"posts.classic\">\n\t\t\t\t<div class=\"elementor-widget-container\">\n\t\t\t<link rel=\"stylesheet\" href=\"https:\/\/asociacionismodelaemigracionespanola.com\/wp-content\/plugins\/elementor-pro\/assets\/css\/widget-posts.min.css\">\t\t<div class=\"elementor-posts-container elementor-posts elementor-posts--skin-classic elementor-grid\">\n\t\t\t\t<article class=\"elementor-post elementor-grid-item post-3120 post type-post status-publish format-standard has-post-thumbnail hentry category-noticias\">\n\t\t\t\t<a class=\"elementor-post__thumbnail__link\" href=\"https:\/\/asociacionismodelaemigracionespanola.com\/index.php\/2024\/11\/22\/simposio-internacional-el-asociacionismo-de-la-emigracion-espanola-en-america-dinamicas-de-transformacion-a-partir-de-la-decada-de-1960-presentacion-de-comunicaciones\/\" >\n\t\t\t<div class=\"elementor-post__thumbnail\"><img fetchpriority=\"high\" decoding=\"async\" width=\"212\" height=\"300\" src=\"https:\/\/asociacionismodelaemigracionespanola.com\/wp-content\/uploads\/2024\/11\/Cartel-Simposio-Asociacionismo-emigracion-212x300.jpg\" class=\"attachment-medium size-medium wp-image-3121\" alt=\"\" srcset=\"https:\/\/asociacionismodelaemigracionespanola.com\/wp-content\/uploads\/2024\/11\/Cartel-Simposio-Asociacionismo-emigracion-212x300.jpg 212w, https:\/\/asociacionismodelaemigracionespanola.com\/wp-content\/uploads\/2024\/11\/Cartel-Simposio-Asociacionismo-emigracion-724x1024.jpg 724w, https:\/\/asociacionismodelaemigracionespanola.com\/wp-content\/uploads\/2024\/11\/Cartel-Simposio-Asociacionismo-emigracion-768x1086.jpg 768w, https:\/\/asociacionismodelaemigracionespanola.com\/wp-content\/uploads\/2024\/11\/Cartel-Simposio-Asociacionismo-emigracion-1086x1536.jpg 1086w, https:\/\/asociacionismodelaemigracionespanola.com\/wp-content\/uploads\/2024\/11\/Cartel-Simposio-Asociacionismo-emigracion-1448x2048.jpg 1448w, https:\/\/asociacionismodelaemigracionespanola.com\/wp-content\/uploads\/2024\/11\/Cartel-Simposio-Asociacionismo-emigracion-scaled.jpg 1810w\" sizes=\"(max-width: 212px) 100vw, 212px\" \/><\/div>\n\t\t<\/a>\n\t\t\t\t<div class=\"elementor-post__text\">\n\t\t\t\t<h3 class=\"elementor-post__title\">\n\t\t\t<a href=\"https:\/\/asociacionismodelaemigracionespanola.com\/index.php\/2024\/11\/22\/simposio-internacional-el-asociacionismo-de-la-emigracion-espanola-en-america-dinamicas-de-transformacion-a-partir-de-la-decada-de-1960-presentacion-de-comunicaciones\/\" >\n\t\t\t\tSimposio Internacional\t\t\t<\/a>\n\t\t<\/h3>\n\t\t\t\t<div class=\"elementor-post__meta-data\">\n\t\t\t\t\t<span class=\"elementor-post-date\">\n\t\t\tnoviembre 22, 2024\t\t<\/span>\n\t\t\t\t<\/div>\n\t\t\t\t<div class=\"elementor-post__excerpt\">\n\t\t\t<p>Simposio Internacional \u201cEl asociacionismo de la emigraci\u00f3n espa\u00f1ola en Am\u00e9rica: din\u00e1micas de transformaci\u00f3n a partir de la d\u00e9cada de 1960\u201d. Presentaci\u00f3n de comunicaciones A trav\u00e9s<\/p>\n\t\t<\/div>\n\t\t\n\t\t<a class=\"elementor-post__read-more\" href=\"https:\/\/asociacionismodelaemigracionespanola.com\/index.php\/2024\/11\/22\/simposio-internacional-el-asociacionismo-de-la-emigracion-espanola-en-america-dinamicas-de-transformacion-a-partir-de-la-decada-de-1960-presentacion-de-comunicaciones\/\" aria-label=\"Read more about Simposio Internacional\" >\n\t\t\tLeer m\u00e1s \u00bb\t\t<\/a>\n\n\t\t\t\t<\/div>\n\t\t\t\t<\/article>\n\t\t\t\t<article class=\"elementor-post elementor-grid-item post-3176 post type-post status-publish format-standard has-post-thumbnail hentry category-noticias\">\n\t\t\t\t<a class=\"elementor-post__thumbnail__link\" href=\"https:\/\/asociacionismodelaemigracionespanola.com\/index.php\/2024\/10\/04\/simposio-internacional\/\" >\n\t\t\t<div class=\"elementor-post__thumbnail\"><img decoding=\"async\" width=\"300\" height=\"225\" src=\"https:\/\/asociacionismodelaemigracionespanola.com\/wp-content\/uploads\/2024\/11\/IMG_2534-768x576-1-300x225.jpg\" class=\"attachment-medium size-medium wp-image-3177\" alt=\"\" srcset=\"https:\/\/asociacionismodelaemigracionespanola.com\/wp-content\/uploads\/2024\/11\/IMG_2534-768x576-1-300x225.jpg 300w, https:\/\/asociacionismodelaemigracionespanola.com\/wp-content\/uploads\/2024\/11\/IMG_2534-768x576-1.jpg 768w\" sizes=\"(max-width: 300px) 100vw, 300px\" \/><\/div>\n\t\t<\/a>\n\t\t\t\t<div class=\"elementor-post__text\">\n\t\t\t\t<h3 class=\"elementor-post__title\">\n\t\t\t<a href=\"https:\/\/asociacionismodelaemigracionespanola.com\/index.php\/2024\/10\/04\/simposio-internacional\/\" >\n\t\t\t\tEl legado de salmantinos en Cuba\t\t\t<\/a>\n\t\t<\/h3>\n\t\t\t\t<div class=\"elementor-post__meta-data\">\n\t\t\t\t\t<span class=\"elementor-post-date\">\n\t\t\toctubre 4, 2024\t\t<\/span>\n\t\t\t\t<\/div>\n\t\t\t\t<div class=\"elementor-post__excerpt\">\n\t\t\t<p>El legado de salmantinos en Cuba Hoy hemos conocido un proyecto de investigaci\u00f3n de la UNED y la USAL que busca preservar el legado de<\/p>\n\t\t<\/div>\n\t\t\n\t\t<a class=\"elementor-post__read-more\" href=\"https:\/\/asociacionismodelaemigracionespanola.com\/index.php\/2024\/10\/04\/simposio-internacional\/\" aria-label=\"Read more about El legado de salmantinos en Cuba\" >\n\t\t\tLeer m\u00e1s \u00bb\t\t<\/a>\n\n\t\t\t\t<\/div>\n\t\t\t\t<\/article>\n\t\t\t\t<article class=\"elementor-post elementor-grid-item post-3111 post type-post status-publish format-standard hentry category-noticias\">\n\t\t\t\t<div class=\"elementor-post__text\">\n\t\t\t\t<h3 class=\"elementor-post__title\">\n\t\t\t<a href=\"https:\/\/asociacionismodelaemigracionespanola.com\/index.php\/2024\/09\/22\/juan-andres-blanco-y-arsenio-dacosta-digitalizan-fondos-documentales-del-asociacionismo-espanol-en-la-habana\/\" >\n\t\t\t\tJuan Andr\u00e9s Blanco y Arsenio Dacosta\t\t\t<\/a>\n\t\t<\/h3>\n\t\t\t\t<div class=\"elementor-post__meta-data\">\n\t\t\t\t\t<span class=\"elementor-post-date\">\n\t\t\tseptiembre 22, 2024\t\t<\/span>\n\t\t\t\t<\/div>\n\t\t\t\t<div class=\"elementor-post__excerpt\">\n\t\t\t<p>La UNED trabaja en la digitalizaci\u00f3n de documentos de las colonias zamoranas para su conservaci\u00f3n. Enlace a Noticia de La Opini\u00f3n de Zamora.<\/p>\n\t\t<\/div>\n\t\t\n\t\t<a class=\"elementor-post__read-more\" href=\"https:\/\/asociacionismodelaemigracionespanola.com\/index.php\/2024\/09\/22\/juan-andres-blanco-y-arsenio-dacosta-digitalizan-fondos-documentales-del-asociacionismo-espanol-en-la-habana\/\" aria-label=\"Read more about Juan Andr\u00e9s Blanco y Arsenio Dacosta\" >\n\t\t\tLeer m\u00e1s \u00bb\t\t<\/a>\n\n\t\t\t\t<\/div>\n\t\t\t\t<\/article>\n\t\t\t\t<article class=\"elementor-post elementor-grid-item post-2925 post type-post status-publish format-standard hentry category-noticias\">\n\t\t\t\t<div class=\"elementor-post__text\">\n\t\t\t\t<h3 class=\"elementor-post__title\">\n\t\t\t<a href=\"https:\/\/asociacionismodelaemigracionespanola.com\/index.php\/2023\/11\/30\/francisco-javier-frutos-nuevo-catedratico-de-comunicacion-audiovisual-en-la-universidad-de-salamanca\/\" >\n\t\t\t\tFrancisco Javier Frutos nuevo catedr\u00e1tico de Comunicaci\u00f3n Audiovisual en la Universidad de Salamanca\t\t\t<\/a>\n\t\t<\/h3>\n\t\t\t\t<div class=\"elementor-post__meta-data\">\n\t\t\t\t\t<span class=\"elementor-post-date\">\n\t\t\tnoviembre 30, 2023\t\t<\/span>\n\t\t\t\t<\/div>\n\t\t\t\t<div class=\"elementor-post__excerpt\">\n\t\t\t<p>Francisco Javier Frutos Esteban nuevo catedr\u00e1tico de Comunicaci\u00f3n Audiovisual en la Universidad de Salamanca Francisco Javier Frutos Esteban, miembro del equipo investigador del proyecto El<\/p>\n\t\t<\/div>\n\t\t\n\t\t<a class=\"elementor-post__read-more\" href=\"https:\/\/asociacionismodelaemigracionespanola.com\/index.php\/2023\/11\/30\/francisco-javier-frutos-nuevo-catedratico-de-comunicacion-audiovisual-en-la-universidad-de-salamanca\/\" aria-label=\"Read more about Francisco Javier Frutos nuevo catedr\u00e1tico de Comunicaci\u00f3n Audiovisual en la Universidad de Salamanca\" >\n\t\t\tLeer m\u00e1s \u00bb\t\t<\/a>\n\n\t\t\t\t<\/div>\n\t\t\t\t<\/article>\n\t\t\t\t<\/div>\n\t\t\n\t\t\t\t<\/div>\n\t\t\t\t<\/div>\n\t\t\t\t\t<\/div>\n\t\t<\/div>\n\t\t\t\t\t<\/div>\n\t\t<\/section>\n\t\t\t\t<section class=\"elementor-section elementor-top-section elementor-element elementor-element-1de3e15 elementor-section-boxed elementor-section-height-default elementor-section-height-default\" data-id=\"1de3e15\" data-element_type=\"section\">\n\t\t\t\t\t\t<div class=\"elementor-container elementor-column-gap-default\">\n\t\t\t\t\t<div class=\"elementor-column elementor-col-100 elementor-top-column elementor-element elementor-element-079f59b\" data-id=\"079f59b\" data-element_type=\"column\">\n\t\t\t<div class=\"elementor-widget-wrap elementor-element-populated\">\n\t\t\t\t\t\t<div class=\"elementor-element elementor-element-e2e23fd elementor-widget elementor-widget-heading\" data-id=\"e2e23fd\" data-element_type=\"widget\" data-widget_type=\"heading.default\">\n\t\t\t\t<div class=\"elementor-widget-container\">\n\t\t\t<style>\/*! elementor - v3.22.0 - 26-06-2024 *\/\n.elementor-heading-title{padding:0;margin:0;line-height:1}.elementor-widget-heading .elementor-heading-title[class*=elementor-size-]>a{color:inherit;font-size:inherit;line-height:inherit}.elementor-widget-heading .elementor-heading-title.elementor-size-small{font-size:15px}.elementor-widget-heading .elementor-heading-title.elementor-size-medium{font-size:19px}.elementor-widget-heading .elementor-heading-title.elementor-size-large{font-size:29px}.elementor-widget-heading .elementor-heading-title.elementor-size-xl{font-size:39px}.elementor-widget-heading .elementor-heading-title.elementor-size-xxl{font-size:59px}<\/style><h2 class=\"elementor-heading-title elementor-size-default\"><a href=\"https:\/\/asociacionismodelaemigracionespanola.com\/index.php\/noticias\/\">M\u00e1s noticias >><\/a><\/h2>\t\t<\/div>\n\t\t\t\t<\/div>\n\t\t\t\t\t<\/div>\n\t\t<\/div>\n\t\t\t\t\t<\/div>\n\t\t<\/section>\n\t\t\t\t<section class=\"elementor-section elementor-top-section elementor-element elementor-element-276e863 elementor-section-full_width elementor-section-height-min-height elementor-section-height-default elementor-section-items-middle\" data-id=\"276e863\" data-element_type=\"section\">\n\t\t\t\t\t\t<div class=\"elementor-container elementor-column-gap-custom\">\n\t\t\t\t\t<div class=\"elementor-column elementor-col-100 elementor-top-column elementor-element elementor-element-1f8a671\" data-id=\"1f8a671\" data-element_type=\"column\">\n\t\t\t<div class=\"elementor-widget-wrap elementor-element-populated\">\n\t\t\t\t\t\t<div class=\"elementor-element elementor-element-3e8c8d1 animated-fast elementor-invisible elementor-widget elementor-widget-text-editor\" data-id=\"3e8c8d1\" data-element_type=\"widget\" data-settings=\"{&quot;_animation&quot;:&quot;fadeInLeft&quot;}\" data-widget_type=\"text-editor.default\">\n\t\t\t\t<div class=\"elementor-widget-container\">\n\t\t\t<style>\/*! elementor - v3.22.0 - 26-06-2024 *\/\n.elementor-widget-text-editor.elementor-drop-cap-view-stacked .elementor-drop-cap{background-color:#69727d;color:#fff}.elementor-widget-text-editor.elementor-drop-cap-view-framed .elementor-drop-cap{color:#69727d;border:3px solid;background-color:transparent}.elementor-widget-text-editor:not(.elementor-drop-cap-view-default) .elementor-drop-cap{margin-top:8px}.elementor-widget-text-editor:not(.elementor-drop-cap-view-default) .elementor-drop-cap-letter{width:1em;height:1em}.elementor-widget-text-editor .elementor-drop-cap{float:left;text-align:center;line-height:1;font-size:50px}.elementor-widget-text-editor .elementor-drop-cap-letter{display:inline-block}<\/style>\t\t\t\t<p><strong>Proyecto: <\/strong><strong>El asociacionismo de la emigraci\u00f3n espa\u00f1ola en Am\u00e9rica a partir de la d\u00e9cada de 1960: los casos de La Habana, Buenos\u00a0Aires y Caracas.<\/strong> Proyecto PID2021-123160NB-I00 financiado por la MCIN \/ AEI y por FEDER Una manera de hacer Europa.<img decoding=\"async\" class=\"aligncenter wp-image-2278\" src=\"https:\/\/asociacionismodelaemigracionespanola.com\/wp-content\/uploads\/2023\/11\/foto-inicio-1024x277.jpg\" alt=\"\" width=\"300\" height=\"81\" srcset=\"https:\/\/asociacionismodelaemigracionespanola.com\/wp-content\/uploads\/2023\/11\/foto-inicio-1024x277.jpg 1024w, https:\/\/asociacionismodelaemigracionespanola.com\/wp-content\/uploads\/2023\/11\/foto-inicio-300x81.jpg 300w, https:\/\/asociacionismodelaemigracionespanola.com\/wp-content\/uploads\/2023\/11\/foto-inicio-768x208.jpg 768w, https:\/\/asociacionismodelaemigracionespanola.com\/wp-content\/uploads\/2023\/11\/foto-inicio.jpg 1297w\" sizes=\"(max-width: 300px) 100vw, 300px\" \/><\/p>\t\t\t\t\t\t<\/div>\n\t\t\t\t<\/div>\n\t\t\t\t\t<\/div>\n\t\t<\/div>\n\t\t\t\t\t<\/div>\n\t\t<\/section>\n\t\t\t\t<section class=\"elementor-section elementor-top-section elementor-element elementor-element-17548031 elementor-section-full_width elementor-section-height-min-height elementor-section-height-default elementor-section-items-middle\" data-id=\"17548031\" data-element_type=\"section\" id=\"conservacion-ponferrada-objetivos\">\n\t\t\t\t\t\t<div class=\"elementor-container elementor-column-gap-custom\">\n\t\t\t\t\t<div class=\"elementor-column elementor-col-100 elementor-top-column elementor-element elementor-element-701e772d\" data-id=\"701e772d\" data-element_type=\"column\">\n\t\t\t<div class=\"elementor-widget-wrap elementor-element-populated\">\n\t\t\t\t\t\t<div class=\"elementor-element elementor-element-331c49dc animated-fast elementor-invisible elementor-widget elementor-widget-heading\" data-id=\"331c49dc\" data-element_type=\"widget\" data-settings=\"{&quot;_animation&quot;:&quot;fadeInLeft&quot;}\" data-widget_type=\"heading.default\">\n\t\t\t\t<div class=\"elementor-widget-container\">\n\t\t\t<h2 class=\"elementor-heading-title elementor-size-medium\">Resumen<\/h2>\t\t<\/div>\n\t\t\t\t<\/div>\n\t\t\t\t<div class=\"elementor-element elementor-element-5c1b015d animated-fast elementor-invisible elementor-widget elementor-widget-text-editor\" data-id=\"5c1b015d\" data-element_type=\"widget\" data-settings=\"{&quot;_animation&quot;:&quot;fadeInLeft&quot;}\" data-widget_type=\"text-editor.default\">\n\t\t\t\t<div class=\"elementor-widget-container\">\n\t\t\t\t\t\t\t<h5>El inter\u00e9s de la historiograf\u00eda que se ha ocupado de la emigraci\u00f3n espa\u00f1ola en Am\u00e9rica y de sus instituciones se ha centrado, por un lado, en la \u00e9poca de la migraci\u00f3n masiva (finales del XIX y 1930) y, por el otro, en su repunte a fines de la d\u00e9cada de 1940 y la de 1950. Sin embargo, apenas se ha abordado la sociabilidad de la emigraci\u00f3n espa\u00f1ola en Am\u00e9rica a partir de 1960, una etapa en la que se frena la emigraci\u00f3n y comienza el retorno. Consecuentemente, las d\u00e9cadas a partir de los a\u00f1os sesenta es un periodo pr\u00e1cticamente desconocido en lo que se refiere a sociabilidad migrante.<\/h5><h5>En la etapa nueva, las asociaciones espa\u00f1olas en Am\u00e9rica van a manifestar una significativa transformaci\u00f3n. Si bien algunas van a desaparecer, otras se van a mantener activas reformulando sus estrategias de continuidad, sus alianzas y sus conexiones con las autoridades consulares e instituciones del lugar de origen, siguiendo diferentes procesos seg\u00fan una variedad de factores y coyunturas.<\/h5><h5>Nuestro objetivo es analizar y documentar el panorama asociativo de la emigraci\u00f3n espa\u00f1ola en Buenos Aires, La Habana y Caracas, tres destinos urbanos considerados representativos por la concentraci\u00f3n de residentes de origen espa\u00f1ol. La elecci\u00f3n de esas urbes nos permite estudiar contextos migratorios muy diferentes.<\/h5><h5>Pretendemos focalizar nuestro inter\u00e9s en las din\u00e1micas y pr\u00e1cticas asociativas, en las coyunturas y diferentes actores que influyeron en ellas y en c\u00f3mo la situaci\u00f3n pol\u00edtica tanto del pa\u00eds emisor como del receptor pudieron contribuir a su sostenimiento o desaparici\u00f3n.<\/h5>\t\t\t\t\t\t<\/div>\n\t\t\t\t<\/div>\n\t\t\t\t\t<\/div>\n\t\t<\/div>\n\t\t\t\t\t<\/div>\n\t\t<\/section>\n\t\t\t\t<section class=\"elementor-section elementor-top-section elementor-element elementor-element-6ef260d elementor-section-full_width elementor-section-height-min-height elementor-section-height-default elementor-section-items-middle\" data-id=\"6ef260d\" data-element_type=\"section\">\n\t\t\t\t\t\t<div class=\"elementor-container elementor-column-gap-custom\">\n\t\t\t\t\t<div class=\"elementor-column elementor-col-100 elementor-top-column elementor-element elementor-element-bcad35c\" data-id=\"bcad35c\" data-element_type=\"column\">\n\t\t\t<div class=\"elementor-widget-wrap elementor-element-populated\">\n\t\t\t\t\t\t<div class=\"elementor-element elementor-element-68107d7 animated-fast elementor-invisible elementor-widget elementor-widget-heading\" data-id=\"68107d7\" data-element_type=\"widget\" data-settings=\"{&quot;_animation&quot;:&quot;fadeInLeft&quot;}\" data-widget_type=\"heading.default\">\n\t\t\t\t<div class=\"elementor-widget-container\">\n\t\t\t<h2 class=\"elementor-heading-title elementor-size-large\">Summary<\/h2>\t\t<\/div>\n\t\t\t\t<\/div>\n\t\t\t\t<div class=\"elementor-element elementor-element-8e4b44b animated-fast elementor-invisible elementor-widget elementor-widget-text-editor\" data-id=\"8e4b44b\" data-element_type=\"widget\" data-settings=\"{&quot;_animation&quot;:&quot;fadeInLeft&quot;}\" data-widget_type=\"text-editor.default\">\n\t\t\t\t<div class=\"elementor-widget-container\">\n\t\t\t\t\t\t\t<h5>Historiography\u00b4s interest in Spanish emigration to the Americas and the associated institutions has focused on the era of mass migration (late 19th century and 1930s) on the one hand and on its reactivation in the late 1940s and the 1950s on the other. However, the sociability of Spanish emigration in America since 1960a period in which emigration slowed down and return migration began has hardly been studied. Consequently, the period since the 1960s is practically unexplored.<\/h5>\t\t\t\t\t\t<\/div>\n\t\t\t\t<\/div>\n\t\t\t\t\t<\/div>\n\t\t<\/div>\n\t\t\t\t\t<\/div>\n\t\t<\/section>\n\t\t\t\t<section class=\"elementor-section elementor-top-section elementor-element elementor-element-5aad636 elementor-section-boxed elementor-section-height-default elementor-section-height-default\" data-id=\"5aad636\" data-element_type=\"section\">\n\t\t\t\t\t\t<div class=\"elementor-container elementor-column-gap-default\">\n\t\t\t\t\t<div class=\"elementor-column elementor-col-100 elementor-top-column elementor-element elementor-element-9c69c5c\" data-id=\"9c69c5c\" data-element_type=\"column\" data-settings=\"{&quot;background_background&quot;:&quot;classic&quot;}\">\n\t\t\t<div class=\"elementor-widget-wrap elementor-element-populated\">\n\t\t\t\t\t\t<div class=\"elementor-element elementor-element-d8f10b2 elementor-widget-divider--view-line elementor-widget elementor-widget-divider\" data-id=\"d8f10b2\" data-element_type=\"widget\" data-widget_type=\"divider.default\">\n\t\t\t\t<div class=\"elementor-widget-container\">\n\t\t\t\t\t<div class=\"elementor-divider\">\n\t\t\t<span class=\"elementor-divider-separator\">\n\t\t\t\t\t\t<\/span>\n\t\t<\/div>\n\t\t\t\t<\/div>\n\t\t\t\t<\/div>\n\t\t\t\t\t<\/div>\n\t\t<\/div>\n\t\t\t\t\t<\/div>\n\t\t<\/section>\n\t\t\t\t<section class=\"elementor-section elementor-top-section elementor-element elementor-element-5fbe20d elementor-section-boxed elementor-section-height-default elementor-section-height-default\" data-id=\"5fbe20d\" data-element_type=\"section\">\n\t\t\t\t\t\t<div class=\"elementor-container elementor-column-gap-default\">\n\t\t\t\t\t<div class=\"elementor-column elementor-col-100 elementor-top-column elementor-element elementor-element-1380516\" data-id=\"1380516\" data-element_type=\"column\">\n\t\t\t<div class=\"elementor-widget-wrap elementor-element-populated\">\n\t\t\t\t\t\t<div class=\"elementor-element elementor-element-dd1aa9f elementor-widget elementor-widget-heading\" data-id=\"dd1aa9f\" data-element_type=\"widget\" data-widget_type=\"heading.default\">\n\t\t\t\t<div class=\"elementor-widget-container\">\n\t\t\t<h2 class=\"elementor-heading-title elementor-size-default\">Un proyecto de<\/h2>\t\t<\/div>\n\t\t\t\t<\/div>\n\t\t\t\t\t<\/div>\n\t\t<\/div>\n\t\t\t\t\t<\/div>\n\t\t<\/section>\n\t\t\t\t<section class=\"elementor-section elementor-top-section elementor-element elementor-element-5ec8616 elementor-section-boxed elementor-section-height-default elementor-section-height-default\" data-id=\"5ec8616\" data-element_type=\"section\">\n\t\t\t\t\t\t<div class=\"elementor-container elementor-column-gap-default\">\n\t\t\t\t\t<div class=\"elementor-column elementor-col-50 elementor-top-column elementor-element elementor-element-15e60b2\" data-id=\"15e60b2\" data-element_type=\"column\">\n\t\t\t<div class=\"elementor-widget-wrap elementor-element-populated\">\n\t\t\t\t\t\t<div class=\"elementor-element elementor-element-19f25ea elementor-widget elementor-widget-image\" data-id=\"19f25ea\" data-element_type=\"widget\" data-widget_type=\"image.default\">\n\t\t\t\t<div class=\"elementor-widget-container\">\n\t\t\t<style>\/*! elementor - v3.22.0 - 26-06-2024 *\/\n.elementor-widget-image{text-align:center}.elementor-widget-image a{display:inline-block}.elementor-widget-image a img[src$=\".svg\"]{width:48px}.elementor-widget-image img{vertical-align:middle;display:inline-block}<\/style>\t\t\t\t\t\t\t\t\t\t\t<a href=\"https:\/\/www.uned.es\/universidad\/\">\n\t\t\t\t\t\t\t<img loading=\"lazy\" decoding=\"async\" width=\"300\" height=\"300\" src=\"https:\/\/asociacionismodelaemigracionespanola.com\/wp-content\/uploads\/2023\/11\/uned-300x300.jpg\" class=\"attachment-medium size-medium wp-image-2660\" alt=\"\" srcset=\"https:\/\/asociacionismodelaemigracionespanola.com\/wp-content\/uploads\/2023\/11\/uned-300x300.jpg 300w, https:\/\/asociacionismodelaemigracionespanola.com\/wp-content\/uploads\/2023\/11\/uned-150x150.jpg 150w, https:\/\/asociacionismodelaemigracionespanola.com\/wp-content\/uploads\/2023\/11\/uned.jpg 684w\" sizes=\"(max-width: 300px) 100vw, 300px\" \/>\t\t\t\t\t\t\t\t<\/a>\n\t\t\t\t\t\t\t\t\t\t\t\t\t<\/div>\n\t\t\t\t<\/div>\n\t\t\t\t\t<\/div>\n\t\t<\/div>\n\t\t\t\t<div class=\"elementor-column elementor-col-50 elementor-top-column elementor-element elementor-element-6de4b42\" data-id=\"6de4b42\" data-element_type=\"column\">\n\t\t\t<div class=\"elementor-widget-wrap elementor-element-populated\">\n\t\t\t\t\t\t<div class=\"elementor-element elementor-element-339ad60 elementor-widget elementor-widget-image\" data-id=\"339ad60\" data-element_type=\"widget\" data-widget_type=\"image.default\">\n\t\t\t\t<div class=\"elementor-widget-container\">\n\t\t\t\t\t\t\t\t\t\t\t\t\t\t<a href=\"https:\/\/www.usal.es\/\">\n\t\t\t\t\t\t\t<img loading=\"lazy\" decoding=\"async\" width=\"768\" height=\"236\" src=\"https:\/\/asociacionismodelaemigracionespanola.com\/wp-content\/uploads\/2023\/11\/uni-salamanca-768x236.png\" class=\"attachment-medium_large size-medium_large wp-image-2661\" alt=\"\" srcset=\"https:\/\/asociacionismodelaemigracionespanola.com\/wp-content\/uploads\/2023\/11\/uni-salamanca-768x236.png 768w, https:\/\/asociacionismodelaemigracionespanola.com\/wp-content\/uploads\/2023\/11\/uni-salamanca-300x92.png 300w, https:\/\/asociacionismodelaemigracionespanola.com\/wp-content\/uploads\/2023\/11\/uni-salamanca-1024x315.png 1024w, https:\/\/asociacionismodelaemigracionespanola.com\/wp-content\/uploads\/2023\/11\/uni-salamanca-1536x473.png 1536w, https:\/\/asociacionismodelaemigracionespanola.com\/wp-content\/uploads\/2023\/11\/uni-salamanca-2048x630.png 2048w\" sizes=\"(max-width: 768px) 100vw, 768px\" \/>\t\t\t\t\t\t\t\t<\/a>\n\t\t\t\t\t\t\t\t\t\t\t\t\t<\/div>\n\t\t\t\t<\/div>\n\t\t\t\t\t<\/div>\n\t\t<\/div>\n\t\t\t\t\t<\/div>\n\t\t<\/section>\n\t\t\t\t<section class=\"elementor-section elementor-top-section elementor-element elementor-element-967c03f elementor-section-boxed elementor-section-height-default elementor-section-height-default\" data-id=\"967c03f\" data-element_type=\"section\">\n\t\t\t\t\t\t<div class=\"elementor-container elementor-column-gap-default\">\n\t\t\t\t\t<div class=\"elementor-column elementor-col-100 elementor-top-column elementor-element elementor-element-67ea652\" data-id=\"67ea652\" data-element_type=\"column\">\n\t\t\t<div class=\"elementor-widget-wrap elementor-element-populated\">\n\t\t\t\t\t\t<div class=\"elementor-element elementor-element-f19314e elementor-widget elementor-widget-heading\" data-id=\"f19314e\" data-element_type=\"widget\" data-widget_type=\"heading.default\">\n\t\t\t\t<div class=\"elementor-widget-container\">\n\t\t\t<h2 class=\"elementor-heading-title elementor-size-default\">Con la colaboraci\u00f3n de<\/h2>\t\t<\/div>\n\t\t\t\t<\/div>\n\t\t\t\t\t<\/div>\n\t\t<\/div>\n\t\t\t\t\t<\/div>\n\t\t<\/section>\n\t\t\t\t<section class=\"elementor-section elementor-top-section elementor-element elementor-element-8d80487 elementor-section-boxed elementor-section-height-default elementor-section-height-default\" data-id=\"8d80487\" data-element_type=\"section\">\n\t\t\t\t\t\t<div class=\"elementor-container elementor-column-gap-default\">\n\t\t\t\t\t<div class=\"elementor-column elementor-col-33 elementor-top-column elementor-element elementor-element-34c68e0\" data-id=\"34c68e0\" data-element_type=\"column\">\n\t\t\t<div class=\"elementor-widget-wrap elementor-element-populated\">\n\t\t\t\t\t\t<div class=\"elementor-element elementor-element-68b234f elementor-widget elementor-widget-image\" data-id=\"68b234f\" data-element_type=\"widget\" data-widget_type=\"image.default\">\n\t\t\t\t<div class=\"elementor-widget-container\">\n\t\t\t\t\t\t\t\t\t\t\t\t\t\t<a href=\"https:\/\/www.uned.es\/universidad\/centros\/zamora.html\">\n\t\t\t\t\t\t\t<img loading=\"lazy\" decoding=\"async\" width=\"300\" height=\"146\" src=\"https:\/\/asociacionismodelaemigracionespanola.com\/wp-content\/uploads\/2023\/11\/uned-zamora-300x146.jpg\" class=\"attachment-medium size-medium wp-image-2659\" alt=\"\" srcset=\"https:\/\/asociacionismodelaemigracionespanola.com\/wp-content\/uploads\/2023\/11\/uned-zamora-300x146.jpg 300w, https:\/\/asociacionismodelaemigracionespanola.com\/wp-content\/uploads\/2023\/11\/uned-zamora-1024x500.jpg 1024w, https:\/\/asociacionismodelaemigracionespanola.com\/wp-content\/uploads\/2023\/11\/uned-zamora-768x375.jpg 768w, https:\/\/asociacionismodelaemigracionespanola.com\/wp-content\/uploads\/2023\/11\/uned-zamora-1536x750.jpg 1536w, https:\/\/asociacionismodelaemigracionespanola.com\/wp-content\/uploads\/2023\/11\/uned-zamora-2048x999.jpg 2048w\" sizes=\"(max-width: 300px) 100vw, 300px\" \/>\t\t\t\t\t\t\t\t<\/a>\n\t\t\t\t\t\t\t\t\t\t\t\t\t<\/div>\n\t\t\t\t<\/div>\n\t\t\t\t\t<\/div>\n\t\t<\/div>\n\t\t\t\t<div class=\"elementor-column elementor-col-33 elementor-top-column elementor-element elementor-element-27f0923\" data-id=\"27f0923\" data-element_type=\"column\">\n\t\t\t<div class=\"elementor-widget-wrap elementor-element-populated\">\n\t\t\t\t\t\t<div class=\"elementor-element elementor-element-5edb920 elementor-widget elementor-widget-image\" data-id=\"5edb920\" data-element_type=\"widget\" data-widget_type=\"image.default\">\n\t\t\t\t<div class=\"elementor-widget-container\">\n\t\t\t\t\t\t\t\t\t\t\t\t\t\t<a href=\"http:\/\/emigracioncastellanayleonesa.es\/\">\n\t\t\t\t\t\t\t<img loading=\"lazy\" decoding=\"async\" width=\"300\" height=\"212\" src=\"https:\/\/asociacionismodelaemigracionespanola.com\/wp-content\/uploads\/2023\/11\/emigra-300x212.png\" class=\"attachment-medium size-medium wp-image-2658\" alt=\"\" srcset=\"https:\/\/asociacionismodelaemigracionespanola.com\/wp-content\/uploads\/2023\/11\/emigra-300x212.png 300w, https:\/\/asociacionismodelaemigracionespanola.com\/wp-content\/uploads\/2023\/11\/emigra-768x543.png 768w, https:\/\/asociacionismodelaemigracionespanola.com\/wp-content\/uploads\/2023\/11\/emigra.png 796w\" sizes=\"(max-width: 300px) 100vw, 300px\" \/>\t\t\t\t\t\t\t\t<\/a>\n\t\t\t\t\t\t\t\t\t\t\t\t\t<\/div>\n\t\t\t\t<\/div>\n\t\t\t\t\t<\/div>\n\t\t<\/div>\n\t\t\t\t<div class=\"elementor-column elementor-col-33 elementor-top-column elementor-element elementor-element-099271e\" data-id=\"099271e\" data-element_type=\"column\">\n\t\t\t<div class=\"elementor-widget-wrap elementor-element-populated\">\n\t\t\t\t\t\t<div class=\"elementor-element elementor-element-78a7979 elementor-widget elementor-widget-image\" data-id=\"78a7979\" data-element_type=\"widget\" data-widget_type=\"image.default\">\n\t\t\t\t<div class=\"elementor-widget-container\">\n\t\t\t\t\t\t\t\t\t\t\t\t\t\t<a href=\"https:\/\/causal.usal.es\/\">\n\t\t\t\t\t\t\t<img loading=\"lazy\" decoding=\"async\" width=\"300\" height=\"154\" src=\"https:\/\/asociacionismodelaemigracionespanola.com\/wp-content\/uploads\/2023\/11\/causal-300x154.png\" class=\"attachment-medium size-medium wp-image-2656\" alt=\"\" srcset=\"https:\/\/asociacionismodelaemigracionespanola.com\/wp-content\/uploads\/2023\/11\/causal-300x154.png 300w, https:\/\/asociacionismodelaemigracionespanola.com\/wp-content\/uploads\/2023\/11\/causal-1024x526.png 1024w, https:\/\/asociacionismodelaemigracionespanola.com\/wp-content\/uploads\/2023\/11\/causal-768x394.png 768w, https:\/\/asociacionismodelaemigracionespanola.com\/wp-content\/uploads\/2023\/11\/causal-1536x789.png 1536w, https:\/\/asociacionismodelaemigracionespanola.com\/wp-content\/uploads\/2023\/11\/causal.png 2029w\" sizes=\"(max-width: 300px) 100vw, 300px\" \/>\t\t\t\t\t\t\t\t<\/a>\n\t\t\t\t\t\t\t\t\t\t\t\t\t<\/div>\n\t\t\t\t<\/div>\n\t\t\t\t\t<\/div>\n\t\t<\/div>\n\t\t\t\t\t<\/div>\n\t\t<\/section>\n\t\t\t\t<\/div>\n\t\t","protected":false},"excerpt":{"rendered":"<p>. Previous slide Next slide M\u00e1s noticias >> Proyecto: El asociacionismo de la emigraci\u00f3n espa\u00f1ola en Am\u00e9rica a partir de la d\u00e9cada de 1960: los casos de La Habana, Buenos\u00a0Aires y Caracas. Proyecto PID2021-123160NB-I00 financiado por la MCIN \/ AEI y por FEDER Una manera de hacer Europa. Resumen El inter\u00e9s de la historiograf\u00eda que [&hellip;]<\/p>\n","protected":false},"author":1,"featured_media":0,"parent":0,"menu_order":0,"comment_status":"closed","ping_status":"closed","template":"elementor_header_footer","meta":{"footnotes":""},"_links":{"self":[{"href":"https:\/\/asociacionismodelaemigracionespanola.com\/index.php\/wp-json\/wp\/v2\/pages\/61"}],"collection":[{"href":"https:\/\/asociacionismodelaemigracionespanola.com\/index.php\/wp-json\/wp\/v2\/pages"}],"about":[{"href":"https:\/\/asociacionismodelaemigracionespanola.com\/index.php\/wp-json\/wp\/v2\/types\/page"}],"author":[{"embeddable":true,"href":"https:\/\/asociacionismodelaemigracionespanola.com\/index.php\/wp-json\/wp\/v2\/users\/1"}],"replies":[{"embeddable":true,"href":"https:\/\/asociacionismodelaemigracionespanola.com\/index.php\/wp-json\/wp\/v2\/comments?post=61"}],"version-history":[{"count":689,"href":"https:\/\/asociacionismodelaemigracionespanola.com\/index.php\/wp-json\/wp\/v2\/pages\/61\/revisions"}],"predecessor-version":[{"id":2801,"href":"https:\/\/asociacionismodelaemigracionespanola.com\/index.php\/wp-json\/wp\/v2\/pages\/61\/revisions\/2801"}],"wp:attachment":[{"href":"https:\/\/asociacionismodelaemigracionespanola.com\/index.php\/wp-json\/wp\/v2\/media?parent=61"}],"curies":[{"name":"wp","href":"https:\/\/api.w.org\/{rel}","templated":true}]}}